{"id":1954,"date":"2024-08-28T10:38:32","date_gmt":"2024-08-28T10:38:32","guid":{"rendered":"https:\/\/www.cfmusiceducation.co.uk\/?page_id=1954"},"modified":"2025-10-30T16:08:27","modified_gmt":"2025-10-30T16:08:27","slug":"band-pres-ieuenctid","status":"publish","type":"page","link":"https:\/\/www.cfmusiceducation.co.uk\/cy\/band-pres-ieuenctid\/","title":{"rendered":"Band Pres Ieuenctid"},"content":{"rendered":"\n<div class=\"wp-block-columns alignwide is-layout-flex wp-container-core-columns-is-layout-1a2ddb66 wp-block-columns-is-layout-flex\" style=\"padding-right:var(--wp--preset--spacing--30);padding-left:var(--wp--preset--spacing--30)\">\n<div class=\"wp-block-column is-layout-flow wp-block-column-is-layout-flow\" style=\"flex-basis:66.66%\">\n<p>Band Pres Ieuenctid yw ein band pres h\u0177n, wedi\u2019i anelu at ddisgyblion gradd 5 ac uwch. Mae&#8217;r band sydd wedi ennill gwobrau yn un o&#8217;r bandiau ieuenctid hynaf yng Nghymru ac mae ganddo 33 o aelodau ar hyn o bryd. Maent yn ymarfer ar nos Fercher yn Ysgol Glantaf.<\/p>\n\n\n\n<p>Mae\u2019r band wedi teithio\u2019n helaeth dros Ewrop a dyfarnwyd medal aur iddynt yng Ng\u0175yl Bandiau Pres Ieuenctid Ewrop 2016 a gynhaliwyd yn Lille, Ffrainc. Mae llwyddiannau cystadleuaeth mwy diweddar yn cynnwys y rhai ym Mhencampwriaethau Bandiau Pres Ieuenctid Prydain Fawr, a gynhelir mewn gwahanol leoliadau ar draws y DU. Mae gan y band amserlen brysur ac yn aml yn perfformio mewn lleoliadau mawreddog lluosog ledled Cymru a Lloegr. Mae wedi ymddangos ar y teledu sawl tro, yn fwyaf diweddar darllediad o\u2019r Senedd yng Nghaerdydd. Mae\u2019r band ar daith o amgylch Gogledd Cymru yng Ngwanwyn&nbsp;2025.<\/p>\n\n\n\n<p>Gweler isod am eu hamserlen lawn ar gyfer 2025 i 26:<\/p>\n<\/div>\n\n\n\n<div class=\"wp-block-column is-layout-flow wp-block-column-is-layout-flow\" style=\"flex-basis:33.33%\">\n<figure class=\"wp-block-image size-full is-resized\"><img loading=\"lazy\" decoding=\"async\" width=\"810\" height=\"810\" src=\"https:\/\/www.cfmusiceducation.co.uk\/wp-content\/uploads\/2024\/08\/YBB-.png\" alt=\"\" class=\"wp-image-1899\" style=\"width:429px;height:auto\" srcset=\"https:\/\/www.cfmusiceducation.co.uk\/wp-content\/uploads\/2024\/08\/YBB-.png 810w, https:\/\/www.cfmusiceducation.co.uk\/wp-content\/uploads\/2024\/08\/YBB--300x300.png 300w, https:\/\/www.cfmusiceducation.co.uk\/wp-content\/uploads\/2024\/08\/YBB--150x150.png 150w, https:\/\/www.cfmusiceducation.co.uk\/wp-content\/uploads\/2024\/08\/YBB--768x768.png 768w\" sizes=\"auto, (max-width: 810px) 100vw, 810px\" \/><\/figure>\n<\/div>\n<\/div>\n\n\n\n<h1 class=\"wp-block-heading\"><\/h1>\n\n\n\n<figure class=\"wp-block-table is-style-stripes\"><table class=\"has-fixed-layout\"><tbody><tr><td>Rhif<\/td><td>Ensemble<\/td><td>Diwrnod<\/td><td>Amser<\/td><td>Lleoliad a Dyddiad<\/td><\/tr><tr><td>1<\/td><td>Band Pres Ieuenctid a Hyfforddiant<\/td><td>Dydd Mercher<\/td><td>Hyfforddiant (5:00pm i 6:00pm)<br>Ieuenctid (6:30pm i 8:30pm)<\/td><td>Ysgol Gyfun Glantaf<br>17 Medi<\/td><\/tr><tr><td>2<\/td><td>Band Pres Ieuenctid a Hyfforddiant<\/td><td>Dydd Mercher<\/td><td>Hyfforddiant (5:00pm i 6:00pm)<br>Ieuenctid (6:30pm i 8:30pm)<\/td><td>Ysgol Gyfun Glantaf<br>24 Medi<\/td><\/tr><tr><td>3<\/td><td>Band Pres Ieuenctid a Hyfforddiant<\/td><td>Dydd Mercher<\/td><td>Hyfforddiant (5:00pm i 6:00pm)<br>Ieuenctid (6:30pm i 8:30pm)<\/td><td>Ysgol Gyfun Glantaf<br>1 Hydref<\/td><\/tr><tr><td>4<\/td><td>Band Pres Ieuenctid a Hyfforddiant<\/td><td>Dydd Mercher<\/td><td>Hyfforddiant (5:00pm i 6:00pm)<br>Ieuenctid (6:30pm i 8:30pm)<\/td><td>Ysgol Gyfun Glantaf<br>8 Hydref<\/td><\/tr><tr><td>5<\/td><td>Band Pres Ieuenctid a Hyfforddiant<\/td><td>Dydd Mercher<\/td><td>Hyfforddiant (5:00pm i 6:00pm)<br>Ieuenctid (6:30pm i 8:30pm)<\/td><td>Ysgol Gyfun Glantaf<br>15 Hydref<\/td><\/tr><tr><td>6<\/td><td>Band Pres Ieuenctid a Hyfforddiant<\/td><td>Dydd Mercher<\/td><td>Hyfforddiant (5:00pm i 6:00pm)<br>Ieuenctid (6:30pm i 8:30pm)<\/td><td>Ysgol Gyfun Glantaf<br>22 Hydref<\/td><\/tr><tr><td>&#8211;<\/td><td>HANNER TYMOR<\/td><td>&#8211;<\/td><td>&#8211;<\/td><td>27 Hydref \u2013 31 Hydref 2025<\/td><\/tr><tr><td>7<\/td><td>Band Pres Ieuenctid a Hyfforddiant<\/td><td>Dydd Mercher<\/td><td>Hyfforddiant (5:00pm i 6:00pm)<br>Ieuenctid (6:30pm i 8:30pm)<\/td><td>Ysgol Gyfun Glantaf<br>5 Tachwedd<\/td><\/tr><tr><td>8<\/td><td>Band Pres Ieuenctid a Hyfforddiant<\/td><td>Dydd Mercher<\/td><td>Hyfforddiant (5:00pm i 6:00pm)<br>Ieuenctid (6:30pm i 8:30pm)<\/td><td>Ysgol Gyfun Glantaf<br>12 Tachwedd<\/td><\/tr><tr><td>9<\/td><td>Band Pres Ieuenctid a Hyfforddiant<\/td><td>Dydd Mercher<\/td><td>Hyfforddiant (5:00pm i 6:00pm)<br>Ieuenctid (6:30pm i 8:30pm)<\/td><td>Ysgol Gyfun Glantaf<br>19 Tachwedd<\/td><\/tr><tr><td>10<\/td><td>Band Pres Ieuenctid a Hyfforddiant<\/td><td>Dydd Mercher<\/td><td>Hyfforddiant (5:00pm i 6:00pm)<br>Ieuenctid (6:30pm i 8:30pm)<\/td><td>Ysgol Gyfun Glantaf<br>26 Tachwedd<\/td><\/tr><tr><td>11<\/td><td>Band Pres Ieuenctid a Hyfforddiant<\/td><td>Dydd Mercher<\/td><td>Hyfforddiant (5:00pm i 6:00pm)<br>Ieuenctid (6:30pm i 8:30pm)<\/td><td>Ysgol Gyfun Glantaf<br>3 Rhagfyr<\/td><\/tr><tr><td>12<\/td><td>Band Pres Ieuenctid a Hyfforddiant<\/td><td>Dydd Mercher<\/td><td>Hyfforddiant (5:00pm i 6:00pm)<br>Ieuenctid (6:30pm i 8:30pm)<\/td><td>Ysgol Gyfun Glantaf<br>10 Rhagfyr<\/td><\/tr><tr><td>&#8211;<\/td><td>Cyngerdd Ysgol Uwchradd Caerdydd<\/td><td>&#8211;<\/td><td>&#8211;<\/td><td>13 Rhagfyr<\/td><\/tr><tr><td>&#8211;<\/td><td>GWYLIAU NADOLIG<\/td><td>&#8211;<\/td><td>&#8211;<\/td><td>22 Rhagfyr 2025 \u2013 2 Ionawr 2026<\/td><\/tr><tr><td>13<\/td><td>Band Pres Ieuenctid a Hyfforddiant<\/td><td>Dydd Mercher<\/td><td>Hyfforddiant (5:00pm i 6:00pm)<br>Ieuenctid (6:30pm i 8:30pm)<\/td><td>Ysgol Gyfun Glantaf<br>7 Ionawr<\/td><\/tr><tr><td>14<\/td><td>Band Pres Ieuenctid a Hyfforddiant<\/td><td>Dydd Mercher<\/td><td>Hyfforddiant (5:00pm i 6:00pm)<br>Ieuenctid (6:30pm i 8:30pm)<\/td><td>Ysgol Gyfun Glantaf<br>14 Ionawr<\/td><\/tr><tr><td>15<\/td><td>Band Pres Ieuenctid a Hyfforddiant<\/td><td>Dydd Mercher<\/td><td>Hyfforddiant (5:00pm i 6:00pm)<br>Ieuenctid (6:30pm i 8:30pm)<\/td><td>Ysgol Gyfun Glantaf<br>21 Ionawr<\/td><\/tr><tr><td>16<\/td><td>Band Pres Ieuenctid a Hyfforddiant<\/td><td>Dydd Mercher<\/td><td>Hyfforddiant (5:00pm i 6:00pm)<br>Ieuenctid (6:30pm i 8:30pm)<\/td><td>Ysgol Gyfun Glantaf<br>28 Ionawr<\/td><\/tr><tr><td>17<\/td><td>Band Pres Ieuenctid a Hyfforddiant<\/td><td>Dydd Mercher<\/td><td>Hyfforddiant (5:00pm i 6:00pm)<br>Ieuenctid (6:30pm i 8:30pm)<\/td><td>Ysgol Gyfun Glantaf<br>4 Chwefror<\/td><\/tr><tr><td>18<\/td><td>Band Pres Ieuenctid a Hyfforddiant<\/td><td>Dydd Mercher<\/td><td>Hyfforddiant (5:00pm i 6:00pm)<br>Ieuenctid (6:30pm i 8:30pm)<\/td><td>Ysgol Gyfun Glantaf<br>11 Chwefror<\/td><\/tr><tr><td>&#8211;<\/td><td>HANNER TYMOR<\/td><td>&#8211;<\/td><td>&#8211;<\/td><td>16 Chwefror \u2013 20 Chwefror 2026<\/td><\/tr><tr><td>19<\/td><td>Band Pres Ieuenctid a Hyfforddiant<\/td><td>Dydd Mercher<\/td><td>Hyfforddiant (5:00pm i 6:00pm)<br>Ieuenctid (6:30pm i 8:30pm)<\/td><td>Ysgol Gyfun Glantaf<br>25 Chwefror<\/td><\/tr><tr><td>20<\/td><td>Band Pres Ieuenctid a Hyfforddiant<\/td><td>Dydd Mercher<\/td><td>Hyfforddiant (5:00pm i 6:00pm)<br>Ieuenctid (6:30pm i 8:30pm)<\/td><td>Ysgol Gyfun Glantaf<br>4 Mawrth<\/td><\/tr><tr><td>21<\/td><td>Band Pres Ieuenctid a Hyfforddiant<\/td><td>Dydd Mercher<\/td><td>Hyfforddiant (5:00pm i 6:00pm)<br>Ieuenctid (6:30pm i 8:30pm)<\/td><td>Ysgol Gyfun Glantaf<br>11 Mawrth<\/td><\/tr><tr><td>22<\/td><td>Band Pres Ieuenctid a Hyfforddiant (ymarfer olaf)<\/td><td>Dydd Mercher<\/td><td>Hyfforddiant (5:00pm i 6:00pm)<br>Ieuenctid (6:30pm i 8:30pm)<\/td><td>Ysgol Gyfun Glantaf<br>18 Mawrth<\/td><\/tr><tr><td>&#8211;<\/td><td>Cyngerdd Band Pres Hyfforddiant<\/td><td>&#8211;<\/td><td>&#8211;<\/td><td>23 Mawrth \u2013 Ysgol Uwchradd yr Eglwys Newydd<\/td><\/tr><tr><td>23<\/td><td>Band Pres Ieuenctid YN UNIG<\/td><td>Dydd Mercher<\/td><td>Hyfforddiant (5:00pm i 6:00pm)<br>Ieuenctid (6:30pm i 8:30pm)<\/td><td>Ysgol Gyfun Glantaf<br>25 Mawrth<\/td><\/tr><tr><td>&#8211;<\/td><td>GWYLIAU PASG<\/td><td>&#8211;<\/td><td>&#8211;<\/td><td>30 Mawrth \u2013 10 Ebrill 2026<\/td><\/tr><tr><td>24<\/td><td>Band Pres Ieuenctid a Hyfforddiant<\/td><td>Dydd Mercher<\/td><td>Hyfforddiant (5:00pm i 6:00pm)<br>Ieuenctid (6:30pm i 8:30pm)<\/td><td>Ysgol Gyfun Glantaf<br>15 Ebrill<\/td><\/tr><tr><td>25<\/td><td>Band Pres Ieuenctid a Hyfforddiant<\/td><td>Dydd Mercher<\/td><td>Hyfforddiant (5:00pm i 6:00pm)<br>Ieuenctid (6:30pm i 8:30pm)<\/td><td>Ysgol Gyfun Glantaf<br>22 Ebrill<\/td><\/tr><tr><td>26<\/td><td>Band Pres Ieuenctid a Hyfforddiant<\/td><td>Dydd Mercher<\/td><td>Hyfforddiant (5:00pm i 6:00pm)<br>Ieuenctid (6:30pm i 8:30pm)<\/td><td>Ysgol Gyfun Glantaf<br>29 Ebrill<\/td><\/tr><tr><td>27<\/td><td>Band Pres Ieuenctid a Hyfforddiant<\/td><td>Dydd Mercher<\/td><td>Hyfforddiant (5:00pm i 6:00pm)<br>Ieuenctid (6:30pm i 8:30pm)<\/td><td>Ysgol Gyfun Glantaf<br>6 Mai<\/td><\/tr><tr><td>28<\/td><td>Band Pres Ieuenctid a Hyfforddiant<\/td><td>Dydd Mercher<\/td><td>Hyfforddiant (5:00pm i 6:00pm)<br>Ieuenctid (6:30pm i 8:30pm)<\/td><td>Ysgol Gyfun Glantaf<br>13 Mai<\/td><\/tr><tr><td>29<\/td><td>Band Pres Ieuenctid a Hyfforddiant<\/td><td>Dydd Mercher<\/td><td>Hyfforddiant (5:00pm i 6:00pm)<br>Ieuenctid (6:30pm i 8:30pm)<\/td><td>Ysgol Gyfun Glantaf<br>20 Mai<\/td><\/tr><tr><td>&#8211;<\/td><td>HANNER TYMOR<\/td><td>&#8211;<\/td><td>&#8211;<\/td><td>25 Mai \u2013 29 Mai 2026<\/td><\/tr><tr><td>30<\/td><td>Band Pres Ieuenctid a Hyfforddiant<\/td><td>Dydd Mercher<\/td><td>Hyfforddiant (5:00pm i 6:00pm)<br>Ieuenctid (6:30pm i 8:30pm)<\/td><td>Ysgol Gyfun Glantaf<br>3 Mehefin<\/td><\/tr><tr><td>31<\/td><td>Band Pres Ieuenctid a Hyfforddiant<\/td><td>Dydd Mercher<\/td><td>Hyfforddiant (5:00pm i 6:00pm)<br>Ieuenctid (6:30pm i 8:30pm)<\/td><td>Ysgol Gyfun Glantaf<br>10 Mehefin<\/td><\/tr><tr><td>32<\/td><td>Band Pres Ieuenctid YN UNIG<\/td><td>Dydd Mercher<\/td><td>Hyfforddiant (5:00pm i 6:00pm)<br>Ieuenctid (6:30pm i 8:30pm)<\/td><td>Ysgol Gyfun Glantaf<br>17 Mehefin<\/td><\/tr><tr><td>&#8211;<\/td><td>Cyngerdd Band Pres Hyfforddiant<\/td><td>&#8211;<\/td><td>&#8211;<\/td><td>Mehefin\/Gorffennaf \u2013 Dyddiad a lleoliad i\u2019w gadarnhau<\/td><\/tr><\/tbody><\/table><\/figure>\n\n\n\n<p><\/p>\n\n\n\n<div class=\"wp-block-columns alignwide is-layout-flex wp-container-core-columns-is-layout-1a2ddb66 wp-block-columns-is-layout-flex\" style=\"padding-right:var(--wp--preset--spacing--30);padding-left:var(--wp--preset--spacing--30)\">\n<div class=\"wp-block-column is-layout-flow wp-block-column-is-layout-flow\" style=\"flex-basis:66.66%\">\n<p>Charles Maynard yw arweinydd y Band Pres Ieuenctid. Yn wreiddiol o Fanceinion, dyfarnwyd ysgoloriaeth iddo yn y chweched dosbarth i astudio trombone yn y Royal Northern College of Music, a ddilynwyd gan gwrs graddedig mewn cyfansoddi yng Ngholeg Brenhinol Cerdd a Drama Cymru, yna blwyddyn \u00f4l-raddedig yn yr Academi Gerdd Frenhinol. Astudiodd Charles arwain gyda Malcolm Binney a Syr Simon Rattle yn ogystal \u00e2 chyfansoddi \u00f4l-raddedig gyda Dr Paul Patterson a Syr Michael Tippett.<\/p>\n\n\n\n<p>Mae Charles wedi gweithio i\u2019r gwasanaeth cerdd ers 1992 ac mae bellach yn Bennaeth Pres ac yn diwtor arweiniol creadigol. Mae wedi bod yn arweinydd Band Pres Ieuenctid ers 2011.<\/p>\n<\/div>\n\n\n\n<div class=\"wp-block-column is-layout-flow wp-block-column-is-layout-flow\" style=\"flex-basis:33.33%\">\n<figure class=\"wp-block-image size-large\"><img loading=\"lazy\" decoding=\"async\" width=\"683\" height=\"1024\" src=\"https:\/\/www.cfmusiceducation.co.uk\/wp-content\/uploads\/2024\/11\/DSC09149-CHARLIE-copy-2-683x1024.jpg\" alt=\"\" class=\"wp-image-2153\" srcset=\"https:\/\/www.cfmusiceducation.co.uk\/wp-content\/uploads\/2024\/11\/DSC09149-CHARLIE-copy-2-683x1024.jpg 683w, https:\/\/www.cfmusiceducation.co.uk\/wp-content\/uploads\/2024\/11\/DSC09149-CHARLIE-copy-2-200x300.jpg 200w, https:\/\/www.cfmusiceducation.co.uk\/wp-content\/uploads\/2024\/11\/DSC09149-CHARLIE-copy-2-768x1152.jpg 768w, https:\/\/www.cfmusiceducation.co.uk\/wp-content\/uploads\/2024\/11\/DSC09149-CHARLIE-copy-2-1024x1536.jpg 1024w, https:\/\/www.cfmusiceducation.co.uk\/wp-content\/uploads\/2024\/11\/DSC09149-CHARLIE-copy-2-1365x2048.jpg 1365w, https:\/\/www.cfmusiceducation.co.uk\/wp-content\/uploads\/2024\/11\/DSC09149-CHARLIE-copy-2-scaled.jpg 1707w\" sizes=\"auto, (max-width: 683px) 100vw, 683px\" \/><\/figure>\n<\/div>\n<\/div>\n","protected":false},"excerpt":{"rendered":"<p>Band Pres Ieuenctid yw ein band pres h\u0177n, wedi\u2019i anelu at ddisgyblion gradd 5 ac uwch. Mae&#8217;r band sydd wedi ennill gwobrau yn un o&#8217;r bandiau ieuenctid hynaf yng Nghymru ac mae ganddo 33 o aelodau ar hyn o bryd. Maent yn ymarfer ar nos Fercher yn Ysgol Glantaf. Mae\u2019r band wedi teithio\u2019n helaeth dros [&hellip;]<\/p>\n","protected":false},"author":3,"featured_media":0,"parent":0,"menu_order":0,"comment_status":"closed","ping_status":"closed","template":"","meta":{"_acf_changed":false,"footnotes":""},"class_list":["post-1954","page","type-page","status-publish","hentry"],"acf":[],"_links":{"self":[{"href":"https:\/\/www.cfmusiceducation.co.uk\/cy\/wp-json\/wp\/v2\/pages\/1954","targetHints":{"allow":["GET"]}}],"collection":[{"href":"https:\/\/www.cfmusiceducation.co.uk\/cy\/wp-json\/wp\/v2\/pages"}],"about":[{"href":"https:\/\/www.cfmusiceducation.co.uk\/cy\/wp-json\/wp\/v2\/types\/page"}],"author":[{"embeddable":true,"href":"https:\/\/www.cfmusiceducation.co.uk\/cy\/wp-json\/wp\/v2\/users\/3"}],"replies":[{"embeddable":true,"href":"https:\/\/www.cfmusiceducation.co.uk\/cy\/wp-json\/wp\/v2\/comments?post=1954"}],"version-history":[{"count":5,"href":"https:\/\/www.cfmusiceducation.co.uk\/cy\/wp-json\/wp\/v2\/pages\/1954\/revisions"}],"predecessor-version":[{"id":2871,"href":"https:\/\/www.cfmusiceducation.co.uk\/cy\/wp-json\/wp\/v2\/pages\/1954\/revisions\/2871"}],"wp:attachment":[{"href":"https:\/\/www.cfmusiceducation.co.uk\/cy\/wp-json\/wp\/v2\/media?parent=1954"}],"curies":[{"name":"wp","href":"https:\/\/api.w.org\/{rel}","templated":true}]}}